{"id":5794,"date":"2019-10-09T18:59:18","date_gmt":"2019-10-09T16:59:18","guid":{"rendered":"https:\/\/www.fass-berlin.de\/startseite\/?page_id=5794"},"modified":"2021-10-12T20:08:07","modified_gmt":"2021-10-12T18:08:07","slug":"regionalliga-ost-2","status":"publish","type":"page","link":"https:\/\/www.fass-berlin.de\/startseite\/regionalliga-ost-2\/","title":{"rendered":"Regionalliga Ost"},"content":{"rendered":"<div id=\"pl-5794\"  class=\"panel-layout\" ><div id=\"pg-5794-0\"  class=\"panel-grid panel-no-style\" ><div id=\"pgc-5794-0-0\"  class=\"panel-grid-cell\" >\t\t\t<div id=\"panel-5794-0-0-0\" class=\"so-panel widget widget_news-widget widget_news_widget panel-first-child panel-last-child\" data-index=\"0\" >\t\t\t<h3 class=\"widget-title\">Regio News<\/h3>\t\t\t<div class=\"news-widget--3-columns news-widget--has-columns\">\n\t\t\t\t\t\t\t<div class=\"news-widget__post\">\n\t\t\t\t\t<a href=\"https:\/\/www.fass-berlin.de\/startseite\/2026\/04\/27\/christopher-scholz-verlaesst-fass-daniel-kruggel-neuer-sportdirektor\/\">\n\t\t\t\t\t\t<img loading=\"lazy\" decoding=\"async\" width=\"300\" height=\"223\" src=\"https:\/\/www.fass-berlin.de\/wp-content\/uploads\/2026\/04\/Drei-Pokale-300x223.jpg\" class=\"news-widget__post__thumbnail wp-post-image\" alt=\"\" srcset=\"https:\/\/www.fass-berlin.de\/wp-content\/uploads\/2026\/04\/Drei-Pokale-300x223.jpg 300w, https:\/\/www.fass-berlin.de\/wp-content\/uploads\/2026\/04\/Drei-Pokale-1024x761.jpg 1024w, https:\/\/www.fass-berlin.de\/wp-content\/uploads\/2026\/04\/Drei-Pokale-768x571.jpg 768w, https:\/\/www.fass-berlin.de\/wp-content\/uploads\/2026\/04\/Drei-Pokale-1536x1141.jpg 1536w, https:\/\/www.fass-berlin.de\/wp-content\/uploads\/2026\/04\/Drei-Pokale-scaled.jpg 1615w, https:\/\/www.fass-berlin.de\/wp-content\/uploads\/2026\/04\/Drei-Pokale-128x95.jpg 128w, https:\/\/www.fass-berlin.de\/wp-content\/uploads\/2026\/04\/Drei-Pokale-32x24.jpg 32w\" sizes=\"auto, (max-width: 300px) 100vw, 300px\" \/>\t\t\t\t\t<\/a>\n\t\t\t\t\t<a class=\"news-widget__post__title\" href=\"https:\/\/www.fass-berlin.de\/startseite\/2026\/04\/27\/christopher-scholz-verlaesst-fass-daniel-kruggel-neuer-sportdirektor\/\">\n\t\t\t\t\t\tChristopher Scholz verl\u00e4sst FASS &#8211; Daniel Kruggel neuer Sportdirektor\t\t\t\t\t<\/a>\n\t\t\t\t\t\t\t\t\t\t\t<span class=\"news-widget__post__date\">\n\t\t\t\t\t\t\t<a href=\"https:\/\/www.fass-berlin.de\/startseite\/2026\/04\/27\/christopher-scholz-verlaesst-fass-daniel-kruggel-neuer-sportdirektor\/\">\n\t\t\t\t\t\t\t\t2026-04-27\t\t\t\t\t\t\t<\/a>\n\t\t\t\t\t\t<\/span>\n\t\t\t\t\t\t\t\t\t\t\t\t\t\t\t\t<div class=\"news-widget__post__excerpt\">\n\t\t\t\t\t\t\t<p>Mit der Saisonabschlussfeier hat FASS Berlin eine au\u00dfergew\u00f6hnliche Spielzeit 2025\/26 gemeinsam mit seinen Fans ausklingen lassen. Rund 60 Anh\u00e4ngerinnen und Anh\u00e4nger waren im Restaurant Angus dabei und sorgten f\u00fcr einen w\u00fcrdigen Rahmen. Besonders gefragt waren die Fotos mit den drei Meisterpokalen, die gemeinsam mit den Spielern entstanden. Auch der Verkauf der Game Worn Trikots fand [&hellip;]\n\t\t\t\t\t\t<\/div>\n\t\t\t\t\t\t\t\t\t<\/div>\n\t\t\t\t\t\t\t<div class=\"news-widget__post\">\n\t\t\t\t\t<a href=\"https:\/\/www.fass-berlin.de\/startseite\/2026\/04\/19\/saisonabschluss-am-26-april-jetzt-vorbestellen-trikots-sichern\/\">\n\t\t\t\t\t\t<img loading=\"lazy\" decoding=\"async\" width=\"300\" height=\"167\" src=\"https:\/\/www.fass-berlin.de\/wp-content\/uploads\/2026\/04\/96359-300x167.png\" class=\"news-widget__post__thumbnail wp-post-image\" alt=\"\" srcset=\"https:\/\/www.fass-berlin.de\/wp-content\/uploads\/2026\/04\/96359-300x167.png 300w, https:\/\/www.fass-berlin.de\/wp-content\/uploads\/2026\/04\/96359-1024x568.png 1024w, https:\/\/www.fass-berlin.de\/wp-content\/uploads\/2026\/04\/96359-768x426.png 768w, https:\/\/www.fass-berlin.de\/wp-content\/uploads\/2026\/04\/96359-1536x852.png 1536w, https:\/\/www.fass-berlin.de\/wp-content\/uploads\/2026\/04\/96359-128x71.png 128w, https:\/\/www.fass-berlin.de\/wp-content\/uploads\/2026\/04\/96359-32x18.png 32w, https:\/\/www.fass-berlin.de\/wp-content\/uploads\/2026\/04\/96359.png 1600w\" sizes=\"auto, (max-width: 300px) 100vw, 300px\" \/>\t\t\t\t\t<\/a>\n\t\t\t\t\t<a class=\"news-widget__post__title\" href=\"https:\/\/www.fass-berlin.de\/startseite\/2026\/04\/19\/saisonabschluss-am-26-april-jetzt-vorbestellen-trikots-sichern\/\">\n\t\t\t\t\t\tSaisonabschluss am 26. April \u2013 Jetzt vorbestellen &#038; Trikots sichern!\t\t\t\t\t<\/a>\n\t\t\t\t\t\t\t\t\t\t\t<span class=\"news-widget__post__date\">\n\t\t\t\t\t\t\t<a href=\"https:\/\/www.fass-berlin.de\/startseite\/2026\/04\/19\/saisonabschluss-am-26-april-jetzt-vorbestellen-trikots-sichern\/\">\n\t\t\t\t\t\t\t\t2026-04-19\t\t\t\t\t\t\t<\/a>\n\t\t\t\t\t\t<\/span>\n\t\t\t\t\t\t\t\t\t\t\t\t\t\t\t\t<div class=\"news-widget__post__excerpt\">\n\t\t\t\t\t\t\t<p>Noch eine Woche bis zur Saisonabschlussfeier von FASS Berlin \u2013 und die Vorfreude steigt! \ud83d\udc49 Sonntag, 26.04.2026 | 15:00 \u2013 18:00 Uhr\ud83d\udccd Restaurant Angus, Kreuzbergstr. 11-12, 10965 Berlin Damit der Nachmittag f\u00fcr alle Beteiligten optimal abl\u00e4uft, gibt es zwei wichtige Hinweise f\u00fcr Euch: \ud83c\udf7d\ufe0f Vorbestellung Speisen Unser Gastgeber hat f\u00fcr die Veranstaltung eine verk\u00fcrzte Speisekarte [&hellip;]\n\t\t\t\t\t\t<\/div>\n\t\t\t\t\t\t\t\t\t<\/div>\n\t\t\t\t\t\t\t<div class=\"news-widget__post\">\n\t\t\t\t\t<a href=\"https:\/\/www.fass-berlin.de\/startseite\/2026\/04\/04\/saisonabschluss-bei-fass-berlin-jetzt-vormerken\/\">\n\t\t\t\t\t\t<img loading=\"lazy\" decoding=\"async\" width=\"300\" height=\"167\" src=\"https:\/\/www.fass-berlin.de\/wp-content\/uploads\/2026\/04\/90204-300x167.png\" class=\"news-widget__post__thumbnail wp-post-image\" alt=\"\" srcset=\"https:\/\/www.fass-berlin.de\/wp-content\/uploads\/2026\/04\/90204-300x167.png 300w, https:\/\/www.fass-berlin.de\/wp-content\/uploads\/2026\/04\/90204-1024x568.png 1024w, https:\/\/www.fass-berlin.de\/wp-content\/uploads\/2026\/04\/90204-768x426.png 768w, https:\/\/www.fass-berlin.de\/wp-content\/uploads\/2026\/04\/90204-1536x852.png 1536w, https:\/\/www.fass-berlin.de\/wp-content\/uploads\/2026\/04\/90204-128x71.png 128w, https:\/\/www.fass-berlin.de\/wp-content\/uploads\/2026\/04\/90204-32x18.png 32w, https:\/\/www.fass-berlin.de\/wp-content\/uploads\/2026\/04\/90204.png 1600w\" sizes=\"auto, (max-width: 300px) 100vw, 300px\" \/>\t\t\t\t\t<\/a>\n\t\t\t\t\t<a class=\"news-widget__post__title\" href=\"https:\/\/www.fass-berlin.de\/startseite\/2026\/04\/04\/saisonabschluss-bei-fass-berlin-jetzt-vormerken\/\">\n\t\t\t\t\t\tSaisonabschluss bei FASS Berlin \u2013 jetzt vormerken!\t\t\t\t\t<\/a>\n\t\t\t\t\t\t\t\t\t\t\t<span class=\"news-widget__post__date\">\n\t\t\t\t\t\t\t<a href=\"https:\/\/www.fass-berlin.de\/startseite\/2026\/04\/04\/saisonabschluss-bei-fass-berlin-jetzt-vormerken\/\">\n\t\t\t\t\t\t\t\t2026-04-04\t\t\t\t\t\t\t<\/a>\n\t\t\t\t\t\t<\/span>\n\t\t\t\t\t\t\t\t\t\t\t\t\t\t\t\t<div class=\"news-widget__post__excerpt\">\n\t\t\t\t\t\t\t<p>Die Saison 2025\/26 wird uns noch lange in Erinnerung bleiben. Drei Meisterschaften in Folge, ein souver\u00e4ner Playoff-Run \u2013 und viele besondere Momente auf und neben dem Eis. Jetzt wollen wir diese Spielzeit gemeinsam ausklingen lassen. \ud83d\udc49 Sonntag, 26.04.2026\ud83d\udd52 15:00 \u2013 18:00 Uhr\ud83d\udccd Restaurant Angus, Kreuzbergstr. 11-12, 10965 Berlin Gemeinsam feiern \u2013 mit Team und Fans [&hellip;]\n\t\t\t\t\t\t<\/div>\n\t\t\t\t\t\t\t\t\t<\/div>\n\t\t\t\t\t\t\t<div class=\"news-widget__post\">\n\t\t\t\t\t<a href=\"https:\/\/www.fass-berlin.de\/startseite\/2026\/03\/22\/fass-berlin-ist-meister-sweep-im-finale-gegen-schoenheide\/\">\n\t\t\t\t\t\t<img loading=\"lazy\" decoding=\"async\" width=\"300\" height=\"178\" src=\"https:\/\/www.fass-berlin.de\/wp-content\/uploads\/2026\/03\/IMG_8080-scaled-e1774126783333-300x178.jpg\" class=\"news-widget__post__thumbnail wp-post-image\" alt=\"\" srcset=\"https:\/\/www.fass-berlin.de\/wp-content\/uploads\/2026\/03\/IMG_8080-scaled-e1774126783333-300x178.jpg 300w, https:\/\/www.fass-berlin.de\/wp-content\/uploads\/2026\/03\/IMG_8080-scaled-e1774126783333-1024x608.jpg 1024w, https:\/\/www.fass-berlin.de\/wp-content\/uploads\/2026\/03\/IMG_8080-scaled-e1774126783333-768x456.jpg 768w, https:\/\/www.fass-berlin.de\/wp-content\/uploads\/2026\/03\/IMG_8080-scaled-e1774126783333-1536x912.jpg 1536w, https:\/\/www.fass-berlin.de\/wp-content\/uploads\/2026\/03\/IMG_8080-scaled-e1774126783333-128x76.jpg 128w, https:\/\/www.fass-berlin.de\/wp-content\/uploads\/2026\/03\/IMG_8080-scaled-e1774126783333-32x19.jpg 32w, https:\/\/www.fass-berlin.de\/wp-content\/uploads\/2026\/03\/IMG_8080-scaled-e1774126783333.jpg 1600w\" sizes=\"auto, (max-width: 300px) 100vw, 300px\" \/>\t\t\t\t\t<\/a>\n\t\t\t\t\t<a class=\"news-widget__post__title\" href=\"https:\/\/www.fass-berlin.de\/startseite\/2026\/03\/22\/fass-berlin-ist-meister-sweep-im-finale-gegen-schoenheide\/\">\n\t\t\t\t\t\tFASS Berlin ist Meister \u2013 Sweep im Finale gegen Sch\u00f6nheide\t\t\t\t\t<\/a>\n\t\t\t\t\t\t\t\t\t\t\t<span class=\"news-widget__post__date\">\n\t\t\t\t\t\t\t<a href=\"https:\/\/www.fass-berlin.de\/startseite\/2026\/03\/22\/fass-berlin-ist-meister-sweep-im-finale-gegen-schoenheide\/\">\n\t\t\t\t\t\t\t\t2026-03-22\t\t\t\t\t\t\t<\/a>\n\t\t\t\t\t\t<\/span>\n\t\t\t\t\t\t\t\t\t\t\t\t\t\t\t\t<div class=\"news-widget__post__excerpt\">\n\t\t\t\t\t\t\t<p>Mit etwas Abstand der Bericht zum Titelgewinn. Kurz vorab: Die spontane Meisterfeier heute mussten wir leider absagen. Grund ist ein gesundheitlicher Vorfall im Staff-Team. Wir arbeiten bereits daran, einen Termin f\u00fcr unsere offizielle Abschlussfeier zu finden. Fazit zu Spiel 3 und zur Finalserie FASS gewinnt auch Spiel 3 \u2013 und damit das Finale der Regionalliga [&hellip;]\n\t\t\t\t\t\t<\/div>\n\t\t\t\t\t\t\t\t\t<\/div>\n\t\t\t\t\t\t\t<div class=\"news-widget__post\">\n\t\t\t\t\t<a href=\"https:\/\/www.fass-berlin.de\/startseite\/2026\/03\/21\/titel-hattrick-perfekt\/\">\n\t\t\t\t\t\t<img loading=\"lazy\" decoding=\"async\" width=\"300\" height=\"178\" src=\"https:\/\/www.fass-berlin.de\/wp-content\/uploads\/2026\/03\/IMG_8080-scaled-e1774126783333-300x178.jpg\" class=\"news-widget__post__thumbnail wp-post-image\" alt=\"\" srcset=\"https:\/\/www.fass-berlin.de\/wp-content\/uploads\/2026\/03\/IMG_8080-scaled-e1774126783333-300x178.jpg 300w, https:\/\/www.fass-berlin.de\/wp-content\/uploads\/2026\/03\/IMG_8080-scaled-e1774126783333-1024x608.jpg 1024w, https:\/\/www.fass-berlin.de\/wp-content\/uploads\/2026\/03\/IMG_8080-scaled-e1774126783333-768x456.jpg 768w, https:\/\/www.fass-berlin.de\/wp-content\/uploads\/2026\/03\/IMG_8080-scaled-e1774126783333-1536x912.jpg 1536w, https:\/\/www.fass-berlin.de\/wp-content\/uploads\/2026\/03\/IMG_8080-scaled-e1774126783333-128x76.jpg 128w, https:\/\/www.fass-berlin.de\/wp-content\/uploads\/2026\/03\/IMG_8080-scaled-e1774126783333-32x19.jpg 32w, https:\/\/www.fass-berlin.de\/wp-content\/uploads\/2026\/03\/IMG_8080-scaled-e1774126783333.jpg 1600w\" sizes=\"auto, (max-width: 300px) 100vw, 300px\" \/>\t\t\t\t\t<\/a>\n\t\t\t\t\t<a class=\"news-widget__post__title\" href=\"https:\/\/www.fass-berlin.de\/startseite\/2026\/03\/21\/titel-hattrick-perfekt\/\">\n\t\t\t\t\t\tTitel-Hattrick perfekt!\t\t\t\t\t<\/a>\n\t\t\t\t\t\t\t\t\t\t\t<span class=\"news-widget__post__date\">\n\t\t\t\t\t\t\t<a href=\"https:\/\/www.fass-berlin.de\/startseite\/2026\/03\/21\/titel-hattrick-perfekt\/\">\n\t\t\t\t\t\t\t\t2026-03-21\t\t\t\t\t\t\t<\/a>\n\t\t\t\t\t\t<\/span>\n\t\t\t\t\t\t\t\t\t\t\t\t\t\t\t\t<div class=\"news-widget__post__excerpt\">\n\t\t\t\t\t\t\t<p>FASS Berlin ist erneut Meister der Regionalliga Ost! \ud83d\udd25 Wir gewinnen bei den Sch\u00f6nheider W\u00f6lfen mit 2:5 (0:2, 0:0, 2:3) &#8211; die Serie geht damit mit einem Sweep an die Hauptst\u00e4dter. Wir feiern morgen eine spontane Meisterfeier um 15:00 Uhr im Erika-He\u00df-Eisstadion! \ud83d\udd52 Einen Spielbericht gibt es sp\u00e4ter. Foto: Zaide Kielinger<\/p>\n\t\t\t\t\t\t<\/div>\n\t\t\t\t\t\t\t\t\t<\/div>\n\t\t\t\t\t\t\t<div class=\"news-widget__post\">\n\t\t\t\t\t<a href=\"https:\/\/www.fass-berlin.de\/startseite\/2026\/03\/20\/matchpuck-in-schoenheide-finale-geht-in-die-naechste-runde\/\">\n\t\t\t\t\t\t<img loading=\"lazy\" decoding=\"async\" width=\"300\" height=\"167\" src=\"https:\/\/www.fass-berlin.de\/wp-content\/uploads\/2026\/03\/83728-300x167.png\" class=\"news-widget__post__thumbnail wp-post-image\" alt=\"\" srcset=\"https:\/\/www.fass-berlin.de\/wp-content\/uploads\/2026\/03\/83728-300x167.png 300w, https:\/\/www.fass-berlin.de\/wp-content\/uploads\/2026\/03\/83728-1024x568.png 1024w, https:\/\/www.fass-berlin.de\/wp-content\/uploads\/2026\/03\/83728-768x426.png 768w, https:\/\/www.fass-berlin.de\/wp-content\/uploads\/2026\/03\/83728-1536x852.png 1536w, https:\/\/www.fass-berlin.de\/wp-content\/uploads\/2026\/03\/83728-128x71.png 128w, https:\/\/www.fass-berlin.de\/wp-content\/uploads\/2026\/03\/83728-32x18.png 32w, https:\/\/www.fass-berlin.de\/wp-content\/uploads\/2026\/03\/83728.png 1600w\" sizes=\"auto, (max-width: 300px) 100vw, 300px\" \/>\t\t\t\t\t<\/a>\n\t\t\t\t\t<a class=\"news-widget__post__title\" href=\"https:\/\/www.fass-berlin.de\/startseite\/2026\/03\/20\/matchpuck-in-schoenheide-finale-geht-in-die-naechste-runde\/\">\n\t\t\t\t\t\tMatchpuck in Sch\u00f6nheide \u2013 Finale geht in die n\u00e4chste Runde\t\t\t\t\t<\/a>\n\t\t\t\t\t\t\t\t\t\t\t<span class=\"news-widget__post__date\">\n\t\t\t\t\t\t\t<a href=\"https:\/\/www.fass-berlin.de\/startseite\/2026\/03\/20\/matchpuck-in-schoenheide-finale-geht-in-die-naechste-runde\/\">\n\t\t\t\t\t\t\t\t2026-03-20\t\t\t\t\t\t\t<\/a>\n\t\t\t\t\t\t<\/span>\n\t\t\t\t\t\t\t\t\t\t\t\t\t\t\t\t<div class=\"news-widget__post__excerpt\">\n\t\t\t\t\t\t\t<p>Jetzt wird es ernst. FASS Berlin f\u00fchrt in der Finalserie mit 2:0 \u2013 und hat am Wochenende gleich zwei Chancen, den Titel klarzumachen. \ud83c\udfd2 Spiel 3 \u2013 Erster Matchpuck \ud83d\udcc5 Samstag, 21.03.2026\ud83d\udd54 17:00 Uhr\ud83d\udccd Sch\u00f6nheide Die Mannschaft hat in dieser Woche intensiv gearbeitet und reist in Bestbesetzung ins Erzgebirge. Die Nachfrage zeigt: Dieses Finale bewegt.Der [&hellip;]\n\t\t\t\t\t\t<\/div>\n\t\t\t\t\t\t\t\t\t<\/div>\n\t\t\t\t\t\t<\/div>\n\t\t\t<\/div>\t\t\t<\/div><\/div><\/div>","protected":false},"excerpt":{"rendered":"<p>Regio News Christopher Scholz verl\u00e4sst FASS &#8211; Daniel Kruggel neuer Sportdirektor 2026-04-27 Mit der Saisonabschlussfeier hat FASS Berlin eine au\u00dfergew\u00f6hnliche Spielzeit 2025\/26 gemeinsam mit seinen Fans ausklingen lassen. Rund 60 Anh\u00e4ngerinnen und Anh\u00e4nger waren im Restaurant Angus dabei und sorgten f\u00fcr einen w\u00fcrdigen Rahmen. Besonders gefragt waren die Fotos mit den drei Meisterpokalen, die gemeinsam [&hellip;]<\/p>\n","protected":false},"author":4,"featured_media":5111,"parent":0,"menu_order":0,"comment_status":"closed","ping_status":"closed","template":"","meta":{"_exactmetrics_skip_tracking":false,"_exactmetrics_sitenote_active":false,"_exactmetrics_sitenote_note":"","_exactmetrics_sitenote_category":0,"jetpack_post_was_ever_published":false,"footnotes":""},"class_list":["post-5794","page","type-page","status-publish","has-post-thumbnail","hentry"],"jetpack_sharing_enabled":true,"jetpack_shortlink":"https:\/\/wp.me\/PaiOCx-1vs","jetpack_likes_enabled":true,"jetpack-related-posts":[],"_links":{"self":[{"href":"https:\/\/www.fass-berlin.de\/startseite\/wp-json\/wp\/v2\/pages\/5794","targetHints":{"allow":["GET"]}}],"collection":[{"href":"https:\/\/www.fass-berlin.de\/startseite\/wp-json\/wp\/v2\/pages"}],"about":[{"href":"https:\/\/www.fass-berlin.de\/startseite\/wp-json\/wp\/v2\/types\/page"}],"author":[{"embeddable":true,"href":"https:\/\/www.fass-berlin.de\/startseite\/wp-json\/wp\/v2\/users\/4"}],"replies":[{"embeddable":true,"href":"https:\/\/www.fass-berlin.de\/startseite\/wp-json\/wp\/v2\/comments?post=5794"}],"version-history":[{"count":10,"href":"https:\/\/www.fass-berlin.de\/startseite\/wp-json\/wp\/v2\/pages\/5794\/revisions"}],"predecessor-version":[{"id":18584,"href":"https:\/\/www.fass-berlin.de\/startseite\/wp-json\/wp\/v2\/pages\/5794\/revisions\/18584"}],"wp:featuredmedia":[{"embeddable":true,"href":"https:\/\/www.fass-berlin.de\/startseite\/wp-json\/wp\/v2\/media\/5111"}],"wp:attachment":[{"href":"https:\/\/www.fass-berlin.de\/startseite\/wp-json\/wp\/v2\/media?parent=5794"}],"curies":[{"name":"wp","href":"https:\/\/api.w.org\/{rel}","templated":true}]}}